{"id":7985,"date":"2017-04-25T17:37:48","date_gmt":"2017-04-25T15:37:48","guid":{"rendered":"https:\/\/bonviure.com\/destinaciones\/escapades\/"},"modified":"2018-11-16T12:47:11","modified_gmt":"2018-11-16T11:47:11","slug":"viajes-en-otras-fechas","status":"publish","type":"page","link":"https:\/\/bonviure.com\/es\/destinaciones\/todas-las-fechas\/viajes-en-otras-fechas\/","title":{"rendered":"Viajes en otras fechas"},"content":{"rendered":"<div class=\"wpb-content-wrapper\"><p>[vc_row el_class=\u00bbdestinaciones\u00bb][vc_column][vc_empty_space height=\u00bb40px\u00bb]<h2 style=\"color:;\" class=\"  center\">Nuestros Viajes en otras fechas<\/h2>[vc_empty_space height=\u00bb40px\u00bb][\/vc_column][\/vc_row][vc_row el_class=\u00bbdest_destacades\u00bb][vc_column]<div class=\"nicdark_masonry_container\">\n\n<!--start preview-->\n<div id=\"24648\" class=\"grid grid_4 percentage nicdark_masonry_item nicdark_padding10 nicdark_sizing\">\n    <div class=\"nicdark_archive1 nicdark_bg_white nicdark_border_grey nicdark_sizing \">\n\n\n        <!--start image-->\n        <div class=\"nicdark_focus nicdark_relative nicdark_fadeinout nicdark_overflow\">    \n\n            <img decoding=\"async\" alt=\"\" class=\"nicdark_focus nicdark_zoom_image\" src=\"https:\/\/bonviure.com\/wp-content\/uploads\/2018\/11\/pulla-destacada.jpg\">\n\n            \n            <!--price-->\n            <div class=\"nicdark_fadeout nicdark_absolute nicdark_height100percentage nicdark_width_percentage100\">  \n                <a href=\"https:\/\/bonviure.com\/es\/packages\/10-17-mayo-2026-la-puglia-y-la-basilicata\/\" class=\"nicdark_btn nicdark_bg_white left grey medium\">1391 \u20ac<\/a>\n            <\/div>\n            <!--end price-->\n\n\n            <!--start content-->\n            <div class=\"nicdark_fadein nicdark_filter greydark nicdark_absolute nicdark_height100percentage nicdark_width_percentage100\">\n                <div class=\"nicdark_absolute nicdark_display_table nicdark_height100percentage nicdark_width_percentage100\">\n                    <div class=\"nicdark_cell nicdark_vertical_middle\">\n                        <a href=\"https:\/\/bonviure.com\/es\/packages\/10-17-mayo-2026-la-puglia-y-la-basilicata\/\" class=\"nicdark_btn nicdark_border_white white medium\">M\u00e1s Info<\/a>\n                    <\/div>   \n                <\/div>   \n            <\/div>\n            <!--end content-->\n\n        <\/div>\n        <!--end image-->\n\n\n        <div class=\"nicdark_textevidence nicdark_bg_greydark\">\n            <h4 class=\"white nicdark_margin20\">10 &#8211; 17 Mayo 2026. La Puglia y la Basilicata. El secreto mejor guardado del Sur de Italia entre el mar Adri\u00e1tico y el J\u00f3nico. 8 d\u00edas.<\/h4>\n        <\/div>\n\n\n        <div class=\"nicdark_focus nicdark_bg_green\">\n            <div class=\"nicdark_bg_greendark nicdark_focus nicdark_padding1020 nicdark_sizing nicdark_width_percentage50\">\n                <p class=\"white\"><i class=\"icon-direction\"><\/i> Europa  Illes i Costa  La Puglia \u2013 Italia  viajes publicados  Viatges en altres dates <\/p>\n            <\/div>\n            <div class=\"nicdark_focus nicdark_padding1020 nicdark_sizing nicdark_width_percentage50\">\n                <p class=\"white\"><i class=\"icon-info\"><\/i> Hotel <\/p>\n            <\/div>\n        <\/div>\n        \n        <div class=\"nicdark_margin20\">\n            <div id=\"descripcio_inici\">\r\n<p id=\"descripcio_titol\"><a href=\"https:\/\/bonviure.com\/es\/packages\/10-17-mayo-2026-la-puglia-y-la-basilicata\/\">La Puglia y la Basilicata.<\/a><\/p>\r\n<p id=\"descripcio_viatge\">El secreto mejor guardado del Sur de Italia entre el mar Adri\u00e1tico y el J\u00f3nico.<\/p>\r\n<p id=\"descripcio_preu\">8 d\u00edas<br>A partir 1391\u20ac<\/p>\r\n<p id=\"descripcio_data\">Del 10 al 17 de mayo<\/p>\r\n<div id=\"descripcio_logo_punts\">\r\n<img decoding=\"async\" style=\"width:108px!important;\" src=\"https:\/\/bonviure.com\/wp-content\/uploads\/2017\/11\/45punts_blanc.png\"><p id=\"descripcio_comentaris\"><a href=\"https:\/\/bonviure.com\/es\/packages\/10-17-mayo-2026-la-puglia-y-la-basilicata\/#opinions\">4,6\/5 (40 Encuestas)<\/a><\/p>\r\n<\/div>\r\n<br>\r\n<p id=\"descripcio_imatge\"><img decoding=\"async\" src=\"https:\/\/bonviure.com\/wp-content\/uploads\/2018\/01\/nivells_bonviure2.png\" title=\"Car\u00e1cter: Moderado\r\nDesniveles: 250-550m\r\nForma f\u00edsica: Activa \/ buena condici\u00f3n f\u00edsica\" alt=\"puntuacio_2\"><\/p>\r\n<\/div>\n            <div class=\"nicdark_space20\"><\/div><a href=\"https:\/\/bonviure.com\/es\/packages\/10-17-mayo-2026-la-puglia-y-la-basilicata\/\" class=\"nicdark_border_grey grey nicdark_btn nicdark_outline medium \">M\u00e1s Info<\/a>  \n        <\/div>\n\n    <\/div>\n<\/div>\n<!--end prev-->\n\n\n\n<!--start preview-->\n<div id=\"24782\" class=\"grid grid_4 percentage nicdark_masonry_item nicdark_padding10 nicdark_sizing\">\n    <div class=\"nicdark_archive1 nicdark_bg_white nicdark_border_grey nicdark_sizing \">\n\n\n        <!--start image-->\n        <div class=\"nicdark_focus nicdark_relative nicdark_fadeinout nicdark_overflow\">    \n\n            <img decoding=\"async\" alt=\"\" class=\"nicdark_focus nicdark_zoom_image\" src=\"https:\/\/bonviure.com\/wp-content\/uploads\/2018\/05\/asores3_01.jpg\">\n\n            \n            <!--price-->\n            <div class=\"nicdark_fadeout nicdark_absolute nicdark_height100percentage nicdark_width_percentage100\">  \n                <a href=\"https:\/\/bonviure.com\/es\/packages\/16-23-mayo-2026-azores-ballenas-volcanes-y-hortensias-8-dias\/\" class=\"nicdark_btn nicdark_bg_white left grey medium\">1349 \u20ac<\/a>\n            <\/div>\n            <!--end price-->\n\n\n            <!--start content-->\n            <div class=\"nicdark_fadein nicdark_filter greydark nicdark_absolute nicdark_height100percentage nicdark_width_percentage100\">\n                <div class=\"nicdark_absolute nicdark_display_table nicdark_height100percentage nicdark_width_percentage100\">\n                    <div class=\"nicdark_cell nicdark_vertical_middle\">\n                        <a href=\"https:\/\/bonviure.com\/es\/packages\/16-23-mayo-2026-azores-ballenas-volcanes-y-hortensias-8-dias\/\" class=\"nicdark_btn nicdark_border_white white medium\">M\u00e9s Info<\/a>\n                    <\/div>   \n                <\/div>   \n            <\/div>\n            <!--end content-->\n\n        <\/div>\n        <!--end image-->\n\n\n        <div class=\"nicdark_textevidence nicdark_bg_greydark\">\n            <h4 class=\"white nicdark_margin20\">16 &#8211; 23 Mayo 2026. Azores: ballenas, volcanes y hortensias. 8 d\u00edas.<\/h4>\n        <\/div>\n\n\n        <div class=\"nicdark_focus nicdark_bg_green\">\n            <div class=\"nicdark_bg_greendark nicdark_focus nicdark_padding1020 nicdark_sizing nicdark_width_percentage50\">\n                <p class=\"white\"><i class=\"icon-direction\"><\/i> Azores \u2013 Portugal  Europa  Illes i Costa  viajes publicados  Viatges en altres dates <\/p>\n            <\/div>\n            <div class=\"nicdark_focus nicdark_padding1020 nicdark_sizing nicdark_width_percentage50\">\n                <p class=\"white\"><i class=\"icon-info\"><\/i> Hotel <\/p>\n            <\/div>\n        <\/div>\n        \n        <div class=\"nicdark_margin20\">\n            <div id=\"descripcio_inici\">\r\n<p id=\"descripcio_titol\"><a href=\"https:\/\/bonviure.com\/es\/packages\/16-23-mayo-2026-azores-ballenas-volcanes-y-hortensias\/\">Azores<\/a><\/p>\r\n<p id=\"descripcio_viatge\">Ballenas, volcanes y hortensias.<\/p>\r\n<p id=\"descripcio_preu\">8 d\u00edas<br>A partir de 1349\u20ac<\/p>\r\n<p id=\"descripcio_data\">Del 16 al 23 de mayo<\/p>\r\n<div id=\"descripcio_logo_punts\">\r\n<img decoding=\"async\" style=\"width:108px!important;\" src=\"https:\/\/bonviure.com\/wp-content\/uploads\/2017\/11\/45punts_blanc.png\"><p <p id=\"descripcio_comentaris\"><a href=\"https:\/\/bonviure.com\/es\/packages\/16-23-mayo-2026-azores-ballenas-volcanes-y-hortensias\/#opinions\">4,5\/5 (75 Encuestas)<\/a><\/p>\r\n<\/div>\r\n<br>\r\n<p id=\"descripcio_imatge\"><img decoding=\"async\" src=\"https:\/\/bonviure.com\/wp-content\/uploads\/2018\/01\/nivells_bonviure2.png\" title=\"Car\u00e1cter: Moderado\r\nDesniveles: 250-550m\r\nForma f\u00edsica: Activa \/ buena condici\u00f3n f\u00edsica\" alt=\"puntuacio_2\"><\/p>\r\n<\/div>\n            <div class=\"nicdark_space20\"><\/div><a href=\"https:\/\/bonviure.com\/es\/packages\/16-23-mayo-2026-azores-ballenas-volcanes-y-hortensias-8-dias\/\" class=\"nicdark_border_grey grey nicdark_btn nicdark_outline medium \">M\u00e9s Info<\/a>  \n        <\/div>\n\n    <\/div>\n<\/div>\n<!--end prev-->\n\n\n\n<!--start preview-->\n<div id=\"24789\" class=\"grid grid_4 percentage nicdark_masonry_item nicdark_padding10 nicdark_sizing\">\n    <div class=\"nicdark_archive1 nicdark_bg_white nicdark_border_grey nicdark_sizing \">\n\n\n        <!--start image-->\n        <div class=\"nicdark_focus nicdark_relative nicdark_fadeinout nicdark_overflow\">    \n\n            <img decoding=\"async\" alt=\"\" class=\"nicdark_focus nicdark_zoom_image\" src=\"https:\/\/bonviure.com\/wp-content\/uploads\/2018\/11\/5e-terre-toscana-destacada.jpg\">\n\n            \n            <!--price-->\n            <div class=\"nicdark_fadeout nicdark_absolute nicdark_height100percentage nicdark_width_percentage100\">  \n                <a href=\"https:\/\/bonviure.com\/es\/packages\/16-23-mayo-2026-las-cinque-terre-y-la-toscana-pisa-siena-y-florencia-2-2\/\" class=\"nicdark_btn nicdark_bg_white left grey medium\">1735 \u20ac<\/a>\n            <\/div>\n            <!--end price-->\n\n\n            <!--start content-->\n            <div class=\"nicdark_fadein nicdark_filter greydark nicdark_absolute nicdark_height100percentage nicdark_width_percentage100\">\n                <div class=\"nicdark_absolute nicdark_display_table nicdark_height100percentage nicdark_width_percentage100\">\n                    <div class=\"nicdark_cell nicdark_vertical_middle\">\n                        <a href=\"https:\/\/bonviure.com\/es\/packages\/16-23-mayo-2026-las-cinque-terre-y-la-toscana-pisa-siena-y-florencia-2-2\/\" class=\"nicdark_btn nicdark_border_white white medium\">M\u00e1s Info<\/a>\n                    <\/div>   \n                <\/div>   \n            <\/div>\n            <!--end content-->\n\n        <\/div>\n        <!--end image-->\n\n\n        <div class=\"nicdark_textevidence nicdark_bg_greydark\">\n            <h4 class=\"white nicdark_margin20\">16 &#8211; 23 Mayo 2026. Las Cinque Terre y la Toscana. Pisa, Siena y Florencia. 8 d\u00edas.<\/h4>\n        <\/div>\n\n\n        <div class=\"nicdark_focus nicdark_bg_green\">\n            <div class=\"nicdark_bg_greendark nicdark_focus nicdark_padding1020 nicdark_sizing nicdark_width_percentage50\">\n                <p class=\"white\"><i class=\"icon-direction\"><\/i> Cinque Terre y Toscana  Europa  Illes i Costa  viajes publicados  Viatges en altres dates <\/p>\n            <\/div>\n            <div class=\"nicdark_focus nicdark_padding1020 nicdark_sizing nicdark_width_percentage50\">\n                <p class=\"white\"><i class=\"icon-info\"><\/i> Hotel <\/p>\n            <\/div>\n        <\/div>\n        \n        <div class=\"nicdark_margin20\">\n            <div id=\"descripcio_inici\">\r\n<p id=\"descripcio_titol\"><a href=\"https:\/\/bonviure.com\/es\/packages\/16-23-mayo-2026-las-cinque-terre-y-la-toscana-pisa-siena-y-florencia\/\">Les Cinque Terre y la Toscana.<\/a><\/p>\r\n<p id=\"descripcio_viatge\">Siena, Florencia y Pisa.<\/p>\r\n<p id=\"descripcio_preu\">8 d\u00edas<br>A partir de 1735\u20ac<\/p>\r\n<p id=\"descripcio_data\">Del 16 al 23 de mayo<\/p>\r\n<div id=\"descripcio_logo_punts\">\r\n<img decoding=\"async\" style=\"width:108px!important;\" src=\"https:\/\/bonviure.com\/wp-content\/uploads\/2017\/11\/45punts_blanc.png\"><p id=\"descripcio_comentaris\"><a href=\"https:\/\/bonviure.com\/es\/packages\/16-23-mayo-2026-las-cinque-terre-y-la-toscana-pisa-siena-y-florencia\/#opinions\">4,6\/5 (40 Encuestas)<\/a><\/p>\r\n<\/div>\r\n<br>\r\n<p id=\"descripcio_imatge\"><img decoding=\"async\" src=\"https:\/\/bonviure.com\/wp-content\/uploads\/2018\/01\/nivells_bonviure2.png\" title=\"Car\u00e1cter: Moderado\r\nDesniveles: 250-550m\r\nForma f\u00edsica: Activa \/ buena condici\u00f3n f\u00edsica\" alt=\"puntuacio_2\"><\/p>\r\n<\/div>\n            <div class=\"nicdark_space20\"><\/div><a href=\"https:\/\/bonviure.com\/es\/packages\/16-23-mayo-2026-las-cinque-terre-y-la-toscana-pisa-siena-y-florencia-2-2\/\" class=\"nicdark_border_grey grey nicdark_btn nicdark_outline medium \">M\u00e1s Info<\/a>  \n        <\/div>\n\n    <\/div>\n<\/div>\n<!--end prev-->\n\n\n\n<!--start preview-->\n<div id=\"25132\" class=\"grid grid_4 percentage nicdark_masonry_item nicdark_padding10 nicdark_sizing\">\n    <div class=\"nicdark_archive1 nicdark_bg_white nicdark_border_grey nicdark_sizing \">\n\n\n        <!--start image-->\n        <div class=\"nicdark_focus nicdark_relative nicdark_fadeinout nicdark_overflow\">    \n\n            <img decoding=\"async\" alt=\"\" class=\"nicdark_focus nicdark_zoom_image\" src=\"https:\/\/bonviure.com\/wp-content\/uploads\/2018\/11\/creta-destacada-setmana-santa.jpg\">\n\n            \n            <!--price-->\n            <div class=\"nicdark_fadeout nicdark_absolute nicdark_height100percentage nicdark_width_percentage100\">  \n                <a href=\"https:\/\/bonviure.com\/es\/packages\/30-mayo-7-junio-2026-creta-senderismo-y-banos-en-la-isla-de-los-dioses\/\" class=\"nicdark_btn nicdark_bg_white left grey medium\">1439 \u20ac<\/a>\n            <\/div>\n            <!--end price-->\n\n\n            <!--start content-->\n            <div class=\"nicdark_fadein nicdark_filter greydark nicdark_absolute nicdark_height100percentage nicdark_width_percentage100\">\n                <div class=\"nicdark_absolute nicdark_display_table nicdark_height100percentage nicdark_width_percentage100\">\n                    <div class=\"nicdark_cell nicdark_vertical_middle\">\n                        <a href=\"https:\/\/bonviure.com\/es\/packages\/30-mayo-7-junio-2026-creta-senderismo-y-banos-en-la-isla-de-los-dioses\/\" class=\"nicdark_btn nicdark_border_white white medium\">M\u00e1s Info<\/a>\n                    <\/div>   \n                <\/div>   \n            <\/div>\n            <!--end content-->\n\n        <\/div>\n        <!--end image-->\n\n\n        <div class=\"nicdark_textevidence nicdark_bg_greydark\">\n            <h4 class=\"white nicdark_margin20\">30 Mayo &#8211; 7 Junio 2026. Creta, senderismo y ba\u00f1os en la isla de los Dioses. 9 d\u00edas.<\/h4>\n        <\/div>\n\n\n        <div class=\"nicdark_focus nicdark_bg_green\">\n            <div class=\"nicdark_bg_greendark nicdark_focus nicdark_padding1020 nicdark_sizing nicdark_width_percentage50\">\n                <p class=\"white\"><i class=\"icon-direction\"><\/i> Creta  Europa  Illes i Costa  viajes publicados  Viatges en altres dates <\/p>\n            <\/div>\n            <div class=\"nicdark_focus nicdark_padding1020 nicdark_sizing nicdark_width_percentage50\">\n                <p class=\"white\"><i class=\"icon-info\"><\/i> Apartament  Hotel <\/p>\n            <\/div>\n        <\/div>\n        \n        <div class=\"nicdark_margin20\">\n            <div id=\"descripcio_inici\">\r\n<p id=\"descripcio_titol\"><a href=\"https:\/\/bonviure.com\/es\/packages\/30-mayo-7-junio-2026-creta-senderismo-y-banos-en-la-isla-de-los-dioses\/\">Creta:<\/a><\/p>\r\n<p id=\"descripcio_viatge\">senderismo y ba\u00f1os en la isla de los Dioses.<\/p>\r\n<p id=\"descripcio_preu\">9 d\u00edas<br>A partir de 1439\u20ac<\/p>\r\n<p id=\"descripcio_data\">Del 30 de mayo al 7 de junio<\/p>\r\n<div id=\"descripcio_logo_punts\">\r\n<img decoding=\"async\" style=\"width:108px!important;\" src=\"https:\/\/bonviure.com\/wp-content\/uploads\/2017\/11\/4punts_blanc.png\">\r\n<p id=\"descripcio_comentaris\"><a href=\"https:\/\/bonviure.com\/es\/packages\/30-mayo-7-junio-2026-creta-senderismo-y-banos-en-la-isla-de-los-dioses\/#opinions\">4,1\/5 (50 Encuestas)<\/a><\/p>\r\n<\/div>\r\n<br>\r\n<p id=\"descripcio_imatge\"><img decoding=\"async\" src=\"https:\/\/bonviure.com\/wp-content\/uploads\/2018\/01\/nivells_bonviure2.png\" title=\"Car\u00e1cter: Moderado\r\nDesniveles: 250-550m\r\nForma f\u00edsica: Activa \/ buena condici\u00f3n f\u00edsica\" alt=\"puntuacio_2\"><\/p>\r\n<\/div>\n            <div class=\"nicdark_space20\"><\/div><a href=\"https:\/\/bonviure.com\/es\/packages\/30-mayo-7-junio-2026-creta-senderismo-y-banos-en-la-isla-de-los-dioses\/\" class=\"nicdark_border_grey grey nicdark_btn nicdark_outline medium \">M\u00e1s Info<\/a>  \n        <\/div>\n\n    <\/div>\n<\/div>\n<!--end prev-->\n\n\n\n<!--start preview-->\n<div id=\"25107\" class=\"grid grid_4 percentage nicdark_masonry_item nicdark_padding10 nicdark_sizing\">\n    <div class=\"nicdark_archive1 nicdark_bg_white nicdark_border_grey nicdark_sizing \">\n\n\n        <!--start image-->\n        <div class=\"nicdark_focus nicdark_relative nicdark_fadeinout nicdark_overflow\">    \n\n            <img decoding=\"async\" alt=\"\" class=\"nicdark_focus nicdark_zoom_image\" src=\"https:\/\/bonviure.com\/wp-content\/uploads\/2018\/04\/isil07.jpg\">\n\n            \n            <!--price-->\n            <div class=\"nicdark_fadeout nicdark_absolute nicdark_height100percentage nicdark_width_percentage100\">  \n                <a href=\"https:\/\/bonviure.com\/es\/packages\/20-24-junio-2026-san-juan-en-el-pallars-alt-aneu-y-aiguestortes-senderismo-y-fiesta-fallas-de-isil\/\" class=\"nicdark_btn nicdark_bg_white left grey medium\">592 \u20ac<\/a>\n            <\/div>\n            <!--end price-->\n\n\n            <!--start content-->\n            <div class=\"nicdark_fadein nicdark_filter greydark nicdark_absolute nicdark_height100percentage nicdark_width_percentage100\">\n                <div class=\"nicdark_absolute nicdark_display_table nicdark_height100percentage nicdark_width_percentage100\">\n                    <div class=\"nicdark_cell nicdark_vertical_middle\">\n                        <a href=\"https:\/\/bonviure.com\/es\/packages\/20-24-junio-2026-san-juan-en-el-pallars-alt-aneu-y-aiguestortes-senderismo-y-fiesta-fallas-de-isil\/\" class=\"nicdark_btn nicdark_border_white white medium\">M\u00e1s Info<\/a>\n                    <\/div>   \n                <\/div>   \n            <\/div>\n            <!--end content-->\n\n        <\/div>\n        <!--end image-->\n\n\n        <div class=\"nicdark_textevidence nicdark_bg_greydark\">\n            <h4 class=\"white nicdark_margin20\">20 &#8211; 24 Junio 2026. San Juan en el Pallars. Alt \u00c0neu y Aig\u00fcestortes. Senderismo y fiesta. Fallas de Isil. 5 d\u00edas.<\/h4>\n        <\/div>\n\n\n        <div class=\"nicdark_focus nicdark_bg_green\">\n            <div class=\"nicdark_bg_greendark nicdark_focus nicdark_padding1020 nicdark_sizing nicdark_width_percentage50\">\n                <p class=\"white\"><i class=\"icon-direction\"><\/i> Estiu  Km0_Eco  Pallars  Pen\u00ednsula  Ponts i Caps de Setmana  Sant Joan  viajes publicados  Viatges en altres dates <\/p>\n            <\/div>\n            <div class=\"nicdark_focus nicdark_padding1020 nicdark_sizing nicdark_width_percentage50\">\n                <p class=\"white\"><i class=\"icon-info\"><\/i> Hotel <\/p>\n            <\/div>\n        <\/div>\n        \n        <div class=\"nicdark_margin20\">\n            <div id=\"descripcio_inici\">\r\n<p id=\"descripcio_titol\"><a href=\"https:\/\/bonviure.com\/es\/packages\/20-24-junio-2026-san-juan-en-el-pallars-alt-aneu-y-aiguestortes-senderismo-y-fiesta-fallas-de-isil\/\">San Juan en el Pallars - Alt \u00c0neu y PN Aig\u00fcestortes.<\/a><\/p>\r\n<p id=\"descripcio_viatge\">Senderismo y fiesta. Fallas de Isil.<\/p>\r\n<p id=\"descripcio_preu\">5 d\u00edas<br>592\u20ac incluye 3 cenas, coca y cava y 2 taxis<\/p>\r\n<p id=\"descripcio_data\">Del 20 al 24 de junio<\/p>\r\n<p id=\"descripcio_titol\"><a href=\"https:\/\/bonviure.com\/es\/km0ieco\/#km0\" target=\"_blank\"><img decoding=\"async\" style=\"width:300px;\" src=\"https:\/\/bonviure.com\/wp-content\/uploads\/2020\/05\/km0-300x50px-transparencia.png\" >\r\n<\/a>\r\n<\/p>\r\n<br>\r\n<p id=\"descripcio_imatge\"><img decoding=\"async\" src=\"https:\/\/bonviure.com\/wp-content\/uploads\/2018\/01\/nivells_bonviure3.png\" title=\"Car\u00e1cter: Vigoroso\r\nDesniveles: 550-850m\r\nForma f\u00edsica: H\u00e1bitos deportivos\" alt=\"puntuacio_3\"><\/p>\r\n<\/div>\n            <div class=\"nicdark_space20\"><\/div><a href=\"https:\/\/bonviure.com\/es\/packages\/20-24-junio-2026-san-juan-en-el-pallars-alt-aneu-y-aiguestortes-senderismo-y-fiesta-fallas-de-isil\/\" class=\"nicdark_border_grey grey nicdark_btn nicdark_outline medium \">M\u00e1s Info<\/a>  \n        <\/div>\n\n    <\/div>\n<\/div>\n<!--end prev-->\n\n\n\n<!--start preview-->\n<div id=\"24786\" class=\"grid grid_4 percentage nicdark_masonry_item nicdark_padding10 nicdark_sizing\">\n    <div class=\"nicdark_archive1 nicdark_bg_white nicdark_border_grey nicdark_sizing \">\n\n\n        <!--start image-->\n        <div class=\"nicdark_focus nicdark_relative nicdark_fadeinout nicdark_overflow\">    \n\n            <img decoding=\"async\" alt=\"\" class=\"nicdark_focus nicdark_zoom_image\" src=\"https:\/\/bonviure.com\/wp-content\/uploads\/2018\/05\/asores3_01.jpg\">\n\n            \n            <!--price-->\n            <div class=\"nicdark_fadeout nicdark_absolute nicdark_height100percentage nicdark_width_percentage100\">  \n                <a href=\"https:\/\/bonviure.com\/es\/packages\/20-27-junio-2026-azores-ballenas-volcanes-y-hortensias\/\" class=\"nicdark_btn nicdark_bg_white left grey medium\">1399 \u20ac<\/a>\n            <\/div>\n            <!--end price-->\n\n\n            <!--start content-->\n            <div class=\"nicdark_fadein nicdark_filter greydark nicdark_absolute nicdark_height100percentage nicdark_width_percentage100\">\n                <div class=\"nicdark_absolute nicdark_display_table nicdark_height100percentage nicdark_width_percentage100\">\n                    <div class=\"nicdark_cell nicdark_vertical_middle\">\n                        <a href=\"https:\/\/bonviure.com\/es\/packages\/20-27-junio-2026-azores-ballenas-volcanes-y-hortensias\/\" class=\"nicdark_btn nicdark_border_white white medium\">M\u00e9s Info<\/a>\n                    <\/div>   \n                <\/div>   \n            <\/div>\n            <!--end content-->\n\n        <\/div>\n        <!--end image-->\n\n\n        <div class=\"nicdark_textevidence nicdark_bg_greydark\">\n            <h4 class=\"white nicdark_margin20\">20 &#8211; 27 Junio 2026. Azores: ballenas, volcanes y hortensias. 8 d\u00edas.<\/h4>\n        <\/div>\n\n\n        <div class=\"nicdark_focus nicdark_bg_green\">\n            <div class=\"nicdark_bg_greendark nicdark_focus nicdark_padding1020 nicdark_sizing nicdark_width_percentage50\">\n                <p class=\"white\"><i class=\"icon-direction\"><\/i> Azores \u2013 Portugal  Estiu  Europa  Illes i Costa  viajes publicados  Viatges en altres dates <\/p>\n            <\/div>\n            <div class=\"nicdark_focus nicdark_padding1020 nicdark_sizing nicdark_width_percentage50\">\n                <p class=\"white\"><i class=\"icon-info\"><\/i> Hotel <\/p>\n            <\/div>\n        <\/div>\n        \n        <div class=\"nicdark_margin20\">\n            <div id=\"descripcio_inici\">\r\n<p id=\"descripcio_titol\"><a href=\"https:\/\/bonviure.com\/es\/packages\/20-27-junio-2026-azores-ballenas-volcanes-y-hortensias\/\">Azores<\/a><\/p>\r\n<p id=\"descripcio_viatge\">Ballenas, volcanes y hortensias.<\/p>\r\n<p id=\"descripcio_preu\">8 d\u00edas<br>A partir de 1399\u20ac<\/p>\r\n<p id=\"descripcio_data\">Del 20 al 27 de junio<\/p>\r\n<div id=\"descripcio_logo_punts\">\r\n<img decoding=\"async\" style=\"width:108px!important;\" src=\"https:\/\/bonviure.com\/wp-content\/uploads\/2017\/11\/45punts_blanc.png\"><p <p id=\"descripcio_comentaris\"><a href=\"https:\/\/bonviure.com\/es\/packages\/20-27-junio-2026-azores-ballenas-volcanes-y-hortensias\/#opinions\">4,5\/5 (75 Encuestas)<\/a><\/p>\r\n<\/div>\r\n<br>\r\n<p id=\"descripcio_imatge\"><img decoding=\"async\" src=\"https:\/\/bonviure.com\/wp-content\/uploads\/2018\/01\/nivells_bonviure2.png\" title=\"Car\u00e1cter: Moderado\r\nDesniveles: 250-550m\r\nForma f\u00edsica: Activa \/ buena condici\u00f3n f\u00edsica\" alt=\"puntuacio_2\"><\/p>\r\n<\/div>\n            <div class=\"nicdark_space20\"><\/div><a href=\"https:\/\/bonviure.com\/es\/packages\/20-27-junio-2026-azores-ballenas-volcanes-y-hortensias\/\" class=\"nicdark_border_grey grey nicdark_btn nicdark_outline medium \">M\u00e9s Info<\/a>  \n        <\/div>\n\n    <\/div>\n<\/div>\n<!--end prev-->\n\n\n\n<!--start preview-->\n<div id=\"25160\" class=\"grid grid_4 percentage nicdark_masonry_item nicdark_padding10 nicdark_sizing\">\n    <div class=\"nicdark_archive1 nicdark_bg_white nicdark_border_grey nicdark_sizing \">\n\n\n        <!--start image-->\n        <div class=\"nicdark_focus nicdark_relative nicdark_fadeinout nicdark_overflow\">    \n\n            <img decoding=\"async\" alt=\"\" class=\"nicdark_focus nicdark_zoom_image\" src=\"https:\/\/bonviure.com\/wp-content\/uploads\/2025\/06\/sahuncaratula.jpg\">\n\n            \n            <!--price-->\n            <div class=\"nicdark_fadeout nicdark_absolute nicdark_height100percentage nicdark_width_percentage100\">  \n                <a href=\"https:\/\/bonviure.com\/es\/packages\/20-24-junio-2026-senderismo-y-verbena-en-el-pirineo-aragones-valles-de-benasque-y-remune-5-dias\/\" class=\"nicdark_btn nicdark_bg_white left grey medium\">546 \u20ac<\/a>\n            <\/div>\n            <!--end price-->\n\n\n            <!--start content-->\n            <div class=\"nicdark_fadein nicdark_filter greydark nicdark_absolute nicdark_height100percentage nicdark_width_percentage100\">\n                <div class=\"nicdark_absolute nicdark_display_table nicdark_height100percentage nicdark_width_percentage100\">\n                    <div class=\"nicdark_cell nicdark_vertical_middle\">\n                        <a href=\"https:\/\/bonviure.com\/es\/packages\/20-24-junio-2026-senderismo-y-verbena-en-el-pirineo-aragones-valles-de-benasque-y-remune-5-dias\/\" class=\"nicdark_btn nicdark_border_white white medium\">M\u00e9s Info<\/a>\n                    <\/div>   \n                <\/div>   \n            <\/div>\n            <!--end content-->\n\n        <\/div>\n        <!--end image-->\n\n\n        <div class=\"nicdark_textevidence nicdark_bg_greydark\">\n            <h4 class=\"white nicdark_margin20\">20 &#8211; 24 Junio 2026. Senderismo y Verbena en el Pirineo Aragon\u00e9s. Valles de Benasque y Remu\u00f1e. 5 d\u00edas.<\/h4>\n        <\/div>\n\n\n        <div class=\"nicdark_focus nicdark_bg_green\">\n            <div class=\"nicdark_bg_greendark nicdark_focus nicdark_padding1020 nicdark_sizing nicdark_width_percentage50\">\n                <p class=\"white\"><i class=\"icon-direction\"><\/i> Benasque \u2013 Pirineo  Estiu  Km0_Eco  Pen\u00ednsula  viajes publicados  Viatges en altres dates  zona calendario <\/p>\n            <\/div>\n            <div class=\"nicdark_focus nicdark_padding1020 nicdark_sizing nicdark_width_percentage50\">\n                <p class=\"white\"><i class=\"icon-info\"><\/i> Hotel <\/p>\n            <\/div>\n        <\/div>\n        \n        <div class=\"nicdark_margin20\">\n            <div id=\"descripcio_inici\">\r\n<p id=\"descripcio_titol\"><a href=\"https:\/\/bonviure.com\/es\/packages\/20-24-junio-2026-senderismo-y-verbena-en-el-pirineo-aragones-valles-de-benasque-y-remune-5-dias\/\"> <a>Senderismo en el Pirineo Aragon\u00e9s.  <\/a><\/p>\r\n<p id=\"descripcio_viatge\"> Valles de Benasque y Remu\u00f1e.<\/p>\r\n<p id=\"descripcio_preu\">5 d\u00edas<br>A partir de 546 \u20ac con media pensi\u00f3n incluid<\/p>\r\n<p id=\"descripcio_data\">Del 20 al 24 de Junio 2026<\/p>\r\n<\/a>\r\n<\/p>\r\n<div id=\"descripcio_logo_punts\">\r\n<img decoding=\"async\" style=\"width:108px!important;\" src=\"https:\/\/bonviure.com\/wp-content\/uploads\/2017\/11\/45punts_blanc.png\">\r\n<p id=\"descripcio_comentaris\"><a href=\"https:\/\/bonviure.com\/es\/packages\/3-9-agosto-2026-senderismo-eco-en-el-pirineo-aragones-valles-de-benasque-y-remune-7-dias-2-2\/#opinions\">4,4\/5 (54 Encuestas) <\/a><\/p>\r\n<\/div>\r\n<br>\r\n<p id=\"descripcio_imatge\"><img decoding=\"async\" src=\"https:\/\/bonviure.com\/wp-content\/uploads\/2018\/01\/nivells_bonviure2.png\" title=\"Car\u00e1cter: Moderado\r\nDesniveles: 250-550m\r\nForma f\u00edsica: Activa \/ buena condici\u00f3n f\u00edsica\"><\/p>\r\n<\/div>\n            <div class=\"nicdark_space20\"><\/div><a href=\"https:\/\/bonviure.com\/es\/packages\/20-24-junio-2026-senderismo-y-verbena-en-el-pirineo-aragones-valles-de-benasque-y-remune-5-dias\/\" class=\"nicdark_border_grey grey nicdark_btn nicdark_outline medium \">M\u00e9s Info<\/a>  \n        <\/div>\n\n    <\/div>\n<\/div>\n<!--end prev-->\n\n\n\n<!--start preview-->\n<div id=\"25137\" class=\"grid grid_4 percentage nicdark_masonry_item nicdark_padding10 nicdark_sizing\">\n    <div class=\"nicdark_archive1 nicdark_bg_white nicdark_border_grey nicdark_sizing \">\n\n\n        <!--start image-->\n        <div class=\"nicdark_focus nicdark_relative nicdark_fadeinout nicdark_overflow\">    \n\n            <img decoding=\"async\" alt=\"\" class=\"nicdark_focus nicdark_zoom_image\" src=\"https:\/\/bonviure.com\/wp-content\/uploads\/2018\/11\/creta-destacada-setmana-santa.jpg\">\n\n            \n            <!--price-->\n            <div class=\"nicdark_fadeout nicdark_absolute nicdark_height100percentage nicdark_width_percentage100\">  \n                <a href=\"https:\/\/bonviure.com\/es\/packages\/20-28-septiembre-2026-creta-senderismo-y-banos-en-la-isla-de-los-dioses\/\" class=\"nicdark_btn nicdark_bg_white left grey medium\">1469 \u20ac<\/a>\n            <\/div>\n            <!--end price-->\n\n\n            <!--start content-->\n            <div class=\"nicdark_fadein nicdark_filter greydark nicdark_absolute nicdark_height100percentage nicdark_width_percentage100\">\n                <div class=\"nicdark_absolute nicdark_display_table nicdark_height100percentage nicdark_width_percentage100\">\n                    <div class=\"nicdark_cell nicdark_vertical_middle\">\n                        <a href=\"https:\/\/bonviure.com\/es\/packages\/20-28-septiembre-2026-creta-senderismo-y-banos-en-la-isla-de-los-dioses\/\" class=\"nicdark_btn nicdark_border_white white medium\">M\u00e1s Info<\/a>\n                    <\/div>   \n                <\/div>   \n            <\/div>\n            <!--end content-->\n\n        <\/div>\n        <!--end image-->\n\n\n        <div class=\"nicdark_textevidence nicdark_bg_greydark\">\n            <h4 class=\"white nicdark_margin20\">20 -28 Septiembre 2026. Creta, senderismo y ba\u00f1os en la isla de los Dioses. 9 d\u00edas.<\/h4>\n        <\/div>\n\n\n        <div class=\"nicdark_focus nicdark_bg_green\">\n            <div class=\"nicdark_bg_greendark nicdark_focus nicdark_padding1020 nicdark_sizing nicdark_width_percentage50\">\n                <p class=\"white\"><i class=\"icon-direction\"><\/i> Creta  Estiu  Europa  Illes i Costa  viajes publicados  Viatges en altres dates <\/p>\n            <\/div>\n            <div class=\"nicdark_focus nicdark_padding1020 nicdark_sizing nicdark_width_percentage50\">\n                <p class=\"white\"><i class=\"icon-info\"><\/i> Apartament  Hotel <\/p>\n            <\/div>\n        <\/div>\n        \n        <div class=\"nicdark_margin20\">\n            <div id=\"descripcio_inici\">\r\n<p id=\"descripcio_titol\"><a href=\"https:\/\/bonviure.com\/es\/packages\/20-28-septiembre-2026-creta-senderismo-y-banos-en-la-isla-de-los-dioses\/\">Creta:<\/a><\/p>\r\n<p id=\"descripcio_viatge\">senderismo y ba\u00f1os en la isla de los Dioses.<\/p>\r\n<p id=\"descripcio_preu\">9 d\u00edas<br>A partir de 1469\u20ac<\/p>\r\n<p id=\"descripcio_data\">Del 20 al 28 de septiembre<\/p>\r\n<div id=\"descripcio_logo_punts\">\r\n<img decoding=\"async\" style=\"width:108px!important;\" src=\"https:\/\/bonviure.com\/wp-content\/uploads\/2017\/11\/4punts_blanc.png\">\r\n<p id=\"descripcio_comentaris\"><a href=\"https:\/\/bonviure.com\/es\/packages\/20-28-septiembre-2026-creta-senderismo-y-banos-en-la-isla-de-los-dioses\/#opinions\">4,1\/5 (50 Encuestas)<\/a><\/p>\r\n<\/div>\r\n<br>\r\n<p id=\"descripcio_imatge\"><img decoding=\"async\" src=\"https:\/\/bonviure.com\/wp-content\/uploads\/2018\/01\/nivells_bonviure2.png\" title=\"Car\u00e1cter: Moderado\r\nDesniveles: 250-550m\r\nForma f\u00edsica: Activa \/ buena condici\u00f3n f\u00edsica\" alt=\"puntuacio_2\"><\/p>\r\n<\/div>\n            <div class=\"nicdark_space20\"><\/div><a href=\"https:\/\/bonviure.com\/es\/packages\/20-28-septiembre-2026-creta-senderismo-y-banos-en-la-isla-de-los-dioses\/\" class=\"nicdark_border_grey grey nicdark_btn nicdark_outline medium \">M\u00e1s Info<\/a>  \n        <\/div>\n\n    <\/div>\n<\/div>\n<!--end prev-->\n\n\n\n<!--start preview-->\n<div id=\"25134\" class=\"grid grid_4 percentage nicdark_masonry_item nicdark_padding10 nicdark_sizing\">\n    <div class=\"nicdark_archive1 nicdark_bg_white nicdark_border_grey nicdark_sizing \">\n\n\n        <!--start image-->\n        <div class=\"nicdark_focus nicdark_relative nicdark_fadeinout nicdark_overflow\">    \n\n            <img decoding=\"async\" alt=\"\" class=\"nicdark_focus nicdark_zoom_image\" src=\"https:\/\/bonviure.com\/wp-content\/uploads\/2018\/11\/5e-terre-toscana-destacada.jpg\">\n\n            \n            <!--price-->\n            <div class=\"nicdark_fadeout nicdark_absolute nicdark_height100percentage nicdark_width_percentage100\">  \n                <a href=\"https:\/\/bonviure.com\/es\/packages\/25-septiembre-2-octubre-2026-las-cinque-terre-y-la-toscana-pisa-siena-y-florencia\/\" class=\"nicdark_btn nicdark_bg_white left grey medium\">1739 \u20ac<\/a>\n            <\/div>\n            <!--end price-->\n\n\n            <!--start content-->\n            <div class=\"nicdark_fadein nicdark_filter greydark nicdark_absolute nicdark_height100percentage nicdark_width_percentage100\">\n                <div class=\"nicdark_absolute nicdark_display_table nicdark_height100percentage nicdark_width_percentage100\">\n                    <div class=\"nicdark_cell nicdark_vertical_middle\">\n                        <a href=\"https:\/\/bonviure.com\/es\/packages\/25-septiembre-2-octubre-2026-las-cinque-terre-y-la-toscana-pisa-siena-y-florencia\/\" class=\"nicdark_btn nicdark_border_white white medium\">M\u00e1s Info<\/a>\n                    <\/div>   \n                <\/div>   \n            <\/div>\n            <!--end content-->\n\n        <\/div>\n        <!--end image-->\n\n\n        <div class=\"nicdark_textevidence nicdark_bg_greydark\">\n            <h4 class=\"white nicdark_margin20\">25 Septiembre &#8211; 2 Octubre 2026. Las Cinque Terre y la Toscana. Pisa, Siena y Florencia. 8 d\u00edas.<\/h4>\n        <\/div>\n\n\n        <div class=\"nicdark_focus nicdark_bg_green\">\n            <div class=\"nicdark_bg_greendark nicdark_focus nicdark_padding1020 nicdark_sizing nicdark_width_percentage50\">\n                <p class=\"white\"><i class=\"icon-direction\"><\/i> Cinque Terre y Toscana  Europa  Illes i Costa  viajes publicados  Viatges en altres dates <\/p>\n            <\/div>\n            <div class=\"nicdark_focus nicdark_padding1020 nicdark_sizing nicdark_width_percentage50\">\n                <p class=\"white\"><i class=\"icon-info\"><\/i> Hotel <\/p>\n            <\/div>\n        <\/div>\n        \n        <div class=\"nicdark_margin20\">\n            <div id=\"descripcio_inici\">\r\n<p id=\"descripcio_titol\"><a href=\"https:\/\/bonviure.com\/es\/packages\/25-septiembre-2-octubre-2026-las-cinque-terre-y-la-toscana-pisa-siena-y-florencia\/\">Les Cinque Terre y la Toscana.<\/a><\/p>\r\n<p id=\"descripcio_viatge\">Siena, Florencia y Pisa.<\/p>\r\n<p id=\"descripcio_preu\">8 d\u00edas<br>A partir de 1739\u20ac<\/p>\r\n<p id=\"descripcio_data\">Del 25 de setiembre al 2 de octubre<\/p>\r\n<div id=\"descripcio_logo_punts\">\r\n<img decoding=\"async\" style=\"width:108px!important;\" src=\"https:\/\/bonviure.com\/wp-content\/uploads\/2017\/11\/45punts_blanc.png\"><p id=\"descripcio_comentaris\"><a href=\"https:\/\/bonviure.com\/es\/packages\/25-septiembre-2-octubre-2026-las-cinque-terre-y-la-toscana-pisa-siena-y-florencia\/#opinions\">4,6\/5 (40 Encuestas)<\/a><\/p>\r\n<\/div>\r\n<br>\r\n<p id=\"descripcio_imatge\"><img decoding=\"async\" src=\"https:\/\/bonviure.com\/wp-content\/uploads\/2018\/01\/nivells_bonviure2.png\" title=\"Car\u00e1cter: Moderado\r\nDesniveles: 250-550m\r\nForma f\u00edsica: Activa \/ buena condici\u00f3n f\u00edsica\" alt=\"puntuacio_2\"><\/p>\r\n<\/div>\n            <div class=\"nicdark_space20\"><\/div><a href=\"https:\/\/bonviure.com\/es\/packages\/25-septiembre-2-octubre-2026-las-cinque-terre-y-la-toscana-pisa-siena-y-florencia\/\" class=\"nicdark_border_grey grey nicdark_btn nicdark_outline medium \">M\u00e1s Info<\/a>  \n        <\/div>\n\n    <\/div>\n<\/div>\n<!--end prev-->\n\n\n\n<!--start preview-->\n<div id=\"25528\" class=\"grid grid_4 percentage nicdark_masonry_item nicdark_padding10 nicdark_sizing\">\n    <div class=\"nicdark_archive1 nicdark_bg_white nicdark_border_grey nicdark_sizing \">\n\n\n        <!--start image-->\n        <div class=\"nicdark_focus nicdark_relative nicdark_fadeinout nicdark_overflow\">    \n\n            <img decoding=\"async\" alt=\"\" class=\"nicdark_focus nicdark_zoom_image\" src=\"https:\/\/bonviure.com\/wp-content\/uploads\/2019\/03\/rota-vicentina-destacada.jpeg\">\n\n            \n            <!--price-->\n            <div class=\"nicdark_fadeout nicdark_absolute nicdark_height100percentage nicdark_width_percentage100\">  \n                \n            <\/div>\n            <!--end price-->\n\n\n            <!--start content-->\n            <div class=\"nicdark_fadein nicdark_filter greydark nicdark_absolute nicdark_height100percentage nicdark_width_percentage100\">\n                <div class=\"nicdark_absolute nicdark_display_table nicdark_height100percentage nicdark_width_percentage100\">\n                    <div class=\"nicdark_cell nicdark_vertical_middle\">\n                        <a href=\"https:\/\/bonviure.com\/es\/packages\/4-11-octubre-2026-el-algarve-los-mejores-senderos-mar-y-montana-de-la-peninsula\/\" class=\"nicdark_btn nicdark_border_white white medium\">M\u00e1s Info<\/a>\n                    <\/div>   \n                <\/div>   \n            <\/div>\n            <!--end content-->\n\n        <\/div>\n        <!--end image-->\n\n\n        <div class=\"nicdark_textevidence nicdark_bg_greydark\">\n            <h4 class=\"white nicdark_margin20\">4 &#8211; 11 Octubre 2026. El Algarve. Los mejores senderos mar y monta\u00f1a de la Pen\u00ednsula. 8 d\u00edas.<\/h4>\n        <\/div>\n\n\n        <div class=\"nicdark_focus nicdark_bg_green\">\n            <div class=\"nicdark_bg_greendark nicdark_focus nicdark_padding1020 nicdark_sizing nicdark_width_percentage50\">\n                <p class=\"white\"><i class=\"icon-direction\"><\/i> Alenteixo-Portugal  Europa  Illes i Costa  Pen\u00ednsula  viajes publicados  Viatges en altres dates  zona calendario <\/p>\n            <\/div>\n            <div class=\"nicdark_focus nicdark_padding1020 nicdark_sizing nicdark_width_percentage50\">\n                <p class=\"white\"><i class=\"icon-info\"><\/i> Hotel <\/p>\n            <\/div>\n        <\/div>\n        \n        <div class=\"nicdark_margin20\">\n            <div id=\"descripcio_inici\">\r\n<p id=\"descripcio_titol\"><a href=\"https:\/\/bonviure.com\/es\/packages\/4-11-octubre-2026-el-algarve-los-mejores-senderos-mar-y-montana-de-la-peninsula\/\">El Algarve.<\/a><\/p>\r\n<p id=\"descripcio_viatge\">Los mejores senderos mar y monta\u00f1a de la Pen\u00ednsula.<\/p>\r\n<p id=\"descripcio_preu\">8 d\u00edas<br><\/p>\r\n<p id=\"descripcio_data\">Del 4 al 11 de octubre<\/p>\r\n<div id=\"descripcio_logo_punts\">\r\n<img decoding=\"async\" style=\"width:108px!important;\" src=\"https:\/\/bonviure.com\/wp-content\/uploads\/2017\/11\/5punts_blanc.png\"><p id=\"descripcio_comentaris\"><a href=\"https:\/\/bonviure.com\/es\/packages\/4-11-octubre-2026-el-algarve-los-mejores-senderos-mar-y-montana-de-la-peninsula\/#opinions\">4,6\/5 ( 13 Encuestas )<\/a><\/p>\r\n<\/div>\r\n<br>\r\n<p id=\"descripcio_imatge\"><img decoding=\"async\" src=\"https:\/\/bonviure.com\/wp-content\/uploads\/2018\/01\/nivells_bonviure2.png\" title=\"Car\u00e1cter: Moderado\r\nDesniveles: 250-550m\r\nForma f\u00edsica: Activa \/ buena condici\u00f3n f\u00edsica\" alt=\"puntuacio_2\"><\/p>\r\n<\/div>\n            <div class=\"nicdark_space20\"><\/div><a href=\"https:\/\/bonviure.com\/es\/packages\/4-11-octubre-2026-el-algarve-los-mejores-senderos-mar-y-montana-de-la-peninsula\/\" class=\"nicdark_border_grey grey nicdark_btn nicdark_outline medium \">M\u00e1s Info<\/a>  \n        <\/div>\n\n    <\/div>\n<\/div>\n<!--end prev-->\n\n\n\n<!--start preview-->\n<div id=\"25105\" class=\"grid grid_4 percentage nicdark_masonry_item nicdark_padding10 nicdark_sizing\">\n    <div class=\"nicdark_archive1 nicdark_bg_white nicdark_border_grey nicdark_sizing \">\n\n\n        <!--start image-->\n        <div class=\"nicdark_focus nicdark_relative nicdark_fadeinout nicdark_overflow\">    \n\n            <img decoding=\"async\" alt=\"\" class=\"nicdark_focus nicdark_zoom_image\" src=\"https:\/\/bonviure.com\/wp-content\/uploads\/2018\/11\/pulla-destacada.jpg\">\n\n            \n            <!--price-->\n            <div class=\"nicdark_fadeout nicdark_absolute nicdark_height100percentage nicdark_width_percentage100\">  \n                <a href=\"https:\/\/bonviure.com\/es\/packages\/4-11-octubre-2026-la-puglia-y-la-basilicata-el-secreto-mejor-guardado-del-sur-de-italia-entre-el-mar-adriatico-y-el-jonico\/\" class=\"nicdark_btn nicdark_bg_white left grey medium\">1349 \u20ac<\/a>\n            <\/div>\n            <!--end price-->\n\n\n            <!--start content-->\n            <div class=\"nicdark_fadein nicdark_filter greydark nicdark_absolute nicdark_height100percentage nicdark_width_percentage100\">\n                <div class=\"nicdark_absolute nicdark_display_table nicdark_height100percentage nicdark_width_percentage100\">\n                    <div class=\"nicdark_cell nicdark_vertical_middle\">\n                        <a href=\"https:\/\/bonviure.com\/es\/packages\/4-11-octubre-2026-la-puglia-y-la-basilicata-el-secreto-mejor-guardado-del-sur-de-italia-entre-el-mar-adriatico-y-el-jonico\/\" class=\"nicdark_btn nicdark_border_white white medium\">M\u00e1s Info<\/a>\n                    <\/div>   \n                <\/div>   \n            <\/div>\n            <!--end content-->\n\n        <\/div>\n        <!--end image-->\n\n\n        <div class=\"nicdark_textevidence nicdark_bg_greydark\">\n            <h4 class=\"white nicdark_margin20\">4 &#8211; 11 Octubre 2026. La Puglia y la Basilicata. El secreto mejor guardado del Sur de Italia entre el mar Adri\u00e1tico y el J\u00f3nico. 8 d\u00edas.<\/h4>\n        <\/div>\n\n\n        <div class=\"nicdark_focus nicdark_bg_green\">\n            <div class=\"nicdark_bg_greendark nicdark_focus nicdark_padding1020 nicdark_sizing nicdark_width_percentage50\">\n                <p class=\"white\"><i class=\"icon-direction\"><\/i> Europa  Illes i Costa  La Puglia \u2013 Italia  viajes publicados  Viatges en altres dates <\/p>\n            <\/div>\n            <div class=\"nicdark_focus nicdark_padding1020 nicdark_sizing nicdark_width_percentage50\">\n                <p class=\"white\"><i class=\"icon-info\"><\/i> Hotel <\/p>\n            <\/div>\n        <\/div>\n        \n        <div class=\"nicdark_margin20\">\n            <div id=\"descripcio_inici\">\r\n<p id=\"descripcio_titol\"><a href=\"https:\/\/bonviure.com\/es\/packages\/4-11-octubre-2026-la-puglia-y-la-basilicata-el-secreto-mejor-guardado-del-sur-de-italia-entre-el-mar-adriatico-y-el-jonico\/\">La Puglia y la Basilicata.<\/a><\/p>\r\n<p id=\"descripcio_viatge\">El secreto mejor guardado del Sur de Italia entre el mar Adri\u00e1tico y el J\u00f3nico.<\/p>\r\n<p id=\"descripcio_preu\">8 d\u00edas<br>A partir de 1349\u20ac<\/p>\r\n<p id=\"descripcio_data\">Del 4 al 11 de octubre<\/p>\r\n<div id=\"descripcio_logo_punts\">\r\n<img decoding=\"async\" style=\"width:108px!important;\" src=\"https:\/\/bonviure.com\/wp-content\/uploads\/2017\/11\/45punts_blanc.png\"><p id=\"descripcio_comentaris\"><a href=\"https:\/\/bonviure.com\/es\/packages\/4-11-octubre-2026-la-puglia-y-la-basilicata-el-secreto-mejor-guardado-del-sur-de-italia-entre-el-mar-adriatico-y-el-jonico\/#opinions\">4,6\/5 (40 Encuestas)<\/a><\/p>\r\n<\/div>\r\n<br>\r\n<p id=\"descripcio_imatge\"><img decoding=\"async\" src=\"https:\/\/bonviure.com\/wp-content\/uploads\/2018\/01\/nivells_bonviure2.png\" title=\"Car\u00e1cter: Moderado\r\nDesniveles: 250-550m\r\nForma f\u00edsica: Activa \/ buena condici\u00f3n f\u00edsica\" alt=\"puntuacio_2\"><\/p>\r\n<\/div>\n            <div class=\"nicdark_space20\"><\/div><a href=\"https:\/\/bonviure.com\/es\/packages\/4-11-octubre-2026-la-puglia-y-la-basilicata-el-secreto-mejor-guardado-del-sur-de-italia-entre-el-mar-adriatico-y-el-jonico\/\" class=\"nicdark_border_grey grey nicdark_btn nicdark_outline medium \">M\u00e1s Info<\/a>  \n        <\/div>\n\n    <\/div>\n<\/div>\n<!--end prev-->\n\n\n\n<!--start preview-->\n<div id=\"25450\" class=\"grid grid_4 percentage nicdark_masonry_item nicdark_padding10 nicdark_sizing\">\n    <div class=\"nicdark_archive1 nicdark_bg_white nicdark_border_grey nicdark_sizing \">\n\n\n        <!--start image-->\n        <div class=\"nicdark_focus nicdark_relative nicdark_fadeinout nicdark_overflow\">    \n\n            <img decoding=\"async\" alt=\"\" class=\"nicdark_focus nicdark_zoom_image\" src=\"https:\/\/bonviure.com\/wp-content\/uploads\/2018\/06\/fogo-destacada.jpg\">\n\n            \n            <!--price-->\n            <div class=\"nicdark_fadeout nicdark_absolute nicdark_height100percentage nicdark_width_percentage100\">  \n                \n            <\/div>\n            <!--end price-->\n\n\n            <!--start content-->\n            <div class=\"nicdark_fadein nicdark_filter greydark nicdark_absolute nicdark_height100percentage nicdark_width_percentage100\">\n                <div class=\"nicdark_absolute nicdark_display_table nicdark_height100percentage nicdark_width_percentage100\">\n                    <div class=\"nicdark_cell nicdark_vertical_middle\">\n                        <a href=\"https:\/\/bonviure.com\/es\/packages\/11-19-octubre-2026-cabo-verde-santiago-y-fogo-volcanes-montanas-y-playas-tropicales-en-medio-del-oceano-final-en-lisboa\/\" class=\"nicdark_btn nicdark_border_white white medium\">M\u00e1s Info<\/a>\n                    <\/div>   \n                <\/div>   \n            <\/div>\n            <!--end content-->\n\n        <\/div>\n        <!--end image-->\n\n\n        <div class=\"nicdark_textevidence nicdark_bg_greydark\">\n            <h4 class=\"white nicdark_margin20\">11 -19 Octubre 2026. Cabo Verde: Santiago y Fogo. Volcanes, monta\u00f1as y playas tropicales en medio del oc\u00e9ano. Final en Lisboa. 9 d\u00edas.<\/h4>\n        <\/div>\n\n\n        <div class=\"nicdark_focus nicdark_bg_green\">\n            <div class=\"nicdark_bg_greendark nicdark_focus nicdark_padding1020 nicdark_sizing nicdark_width_percentage50\">\n                <p class=\"white\"><i class=\"icon-direction\"><\/i> \u00c0frica i Orient Mitj\u00e0  Cabo Verde  Illes i Costa  viajes publicados  Viatges en altres dates <\/p>\n            <\/div>\n            <div class=\"nicdark_focus nicdark_padding1020 nicdark_sizing nicdark_width_percentage50\">\n                <p class=\"white\"><i class=\"icon-info\"><\/i> Cases d'hostes  Hotel <\/p>\n            <\/div>\n        <\/div>\n        \n        <div class=\"nicdark_margin20\">\n            <div id=\"descripcio_inici\">\r\n<p id=\"descripcio_titol\"><a href=\"https:\/\/bonviure.com\/es\/packages\/11-19-octubre-2026-cabo-verde-santiago-y-fogo-volcanes-montanas-y-playas-tropicales-en-medio-del-oceano-final-en-lisboa\">Cabo Verde: Santiago y Fogo.<\/a><\/p>\r\n<p id=\"descripcio_viatge\">Volcanes, monta\u00f1as y playas tropicales en medio del oc\u00e9ano. Final en Lisboa.<\/p>\r\n<p id=\"descripcio_preu\">9 d\u00edas<br><\/p>\r\n<p id=\"descripcio_data\">Del 11 al 19 de octubre<\/p>\r\n<div id=\"descripcio_logo_punts\">\r\n<img decoding=\"async\" style=\"width:108px!important;\" src=\"https:\/\/bonviure.com\/wp-content\/uploads\/2017\/11\/45punts_blanc.png\">\r\n<p id=\"descripcio_comentaris\"><a href=\"https:\/\/bonviure.com\/es\/packages\/11-19-octubre-2026-cabo-verde-santiago-y-fogo-volcanes-montanas-y-playas-tropicales-en-medio-del-oceano-final-en-lisboa\/#opinions\">4,5\/5 (13 Encuestas)<\/a><\/p>\r\n<p id=\"descripcio_preu\"><\/p>\r\n<\/div>\r\n<br>\r\n<p id=\"descripcio_imatge\"><img decoding=\"async\" src=\"https:\/\/bonviure.com\/wp-content\/uploads\/2018\/01\/nivells_bonviure3.png\" title=\"Car\u00e1cter: Vigoroso\r\nDesniveles: 550-850m\r\nForma f\u00edsica: H\u00e1bitos deportivos\" alt=\"puntuacio_3\"><\/p>\r\n<\/div>\n            <div class=\"nicdark_space20\"><\/div><a href=\"https:\/\/bonviure.com\/es\/packages\/11-19-octubre-2026-cabo-verde-santiago-y-fogo-volcanes-montanas-y-playas-tropicales-en-medio-del-oceano-final-en-lisboa\/\" class=\"nicdark_border_grey grey nicdark_btn nicdark_outline medium \">M\u00e1s Info<\/a>  \n        <\/div>\n\n    <\/div>\n<\/div>\n<!--end prev-->\n\n\n\n<!--start preview-->\n<div id=\"25387\" class=\"grid grid_4 percentage nicdark_masonry_item nicdark_padding10 nicdark_sizing\">\n    <div class=\"nicdark_archive1 nicdark_bg_white nicdark_border_grey nicdark_sizing \">\n\n\n        <!--start image-->\n        <div class=\"nicdark_focus nicdark_relative nicdark_fadeinout nicdark_overflow\">    \n\n            <img decoding=\"async\" alt=\"\" class=\"nicdark_focus nicdark_zoom_image\" src=\"https:\/\/bonviure.com\/wp-content\/uploads\/2018\/05\/asores3_01.jpg\">\n\n            \n            <!--price-->\n            <div class=\"nicdark_fadeout nicdark_absolute nicdark_height100percentage nicdark_width_percentage100\">  \n                <a href=\"https:\/\/bonviure.com\/es\/packages\/17-24-octubre-2026-azores-ballenas-volcanes-y-hortensias\/\" class=\"nicdark_btn nicdark_bg_white left grey medium\">1215 \u20ac<\/a>\n            <\/div>\n            <!--end price-->\n\n\n            <!--start content-->\n            <div class=\"nicdark_fadein nicdark_filter greydark nicdark_absolute nicdark_height100percentage nicdark_width_percentage100\">\n                <div class=\"nicdark_absolute nicdark_display_table nicdark_height100percentage nicdark_width_percentage100\">\n                    <div class=\"nicdark_cell nicdark_vertical_middle\">\n                        <a href=\"https:\/\/bonviure.com\/es\/packages\/17-24-octubre-2026-azores-ballenas-volcanes-y-hortensias\/\" class=\"nicdark_btn nicdark_border_white white medium\">M\u00e9s Info<\/a>\n                    <\/div>   \n                <\/div>   \n            <\/div>\n            <!--end content-->\n\n        <\/div>\n        <!--end image-->\n\n\n        <div class=\"nicdark_textevidence nicdark_bg_greydark\">\n            <h4 class=\"white nicdark_margin20\">17 &#8211; 24 Octubre 2026. Azores: ballenas, volcanes y hortensias. 8 d\u00edas.<\/h4>\n        <\/div>\n\n\n        <div class=\"nicdark_focus nicdark_bg_green\">\n            <div class=\"nicdark_bg_greendark nicdark_focus nicdark_padding1020 nicdark_sizing nicdark_width_percentage50\">\n                <p class=\"white\"><i class=\"icon-direction\"><\/i> Azores \u2013 Portugal  Europa  Illes i Costa  viajes publicados  Viatges en altres dates <\/p>\n            <\/div>\n            <div class=\"nicdark_focus nicdark_padding1020 nicdark_sizing nicdark_width_percentage50\">\n                <p class=\"white\"><i class=\"icon-info\"><\/i> Hotel <\/p>\n            <\/div>\n        <\/div>\n        \n        <div class=\"nicdark_margin20\">\n            <div id=\"descripcio_inici\">\r\n<p id=\"descripcio_titol\"><a href=\"https:\/\/bonviure.com\/es\/packages\/17-24-octubre-2026-azores-ballenas-volcanes-y-hortensias\/\">Azores<\/a><\/p>\r\n<p id=\"descripcio_viatge\">Ballenas, volcanes y hortensias.<\/p>\r\n<p id=\"descripcio_preu\">8 d\u00edas<br>A partir de 1215\u20ac<\/p>\r\n<p id=\"descripcio_data\">Del 17 al 24 de octubre<\/p>\r\n<div id=\"descripcio_logo_punts\">\r\n<img decoding=\"async\" style=\"width:108px!important;\" src=\"https:\/\/bonviure.com\/wp-content\/uploads\/2017\/11\/45punts_blanc.png\"><p <p id=\"descripcio_comentaris\"><a href=\"https:\/\/bonviure.com\/es\/packages\/17-24-octubre-2026-azores-ballenas-volcanes-y-hortensias\/#opinions\">4,5\/5 (75 Encuestas)<\/a><\/p>\r\n<\/div>\r\n<br>\r\n<p id=\"descripcio_imatge\"><img decoding=\"async\" src=\"https:\/\/bonviure.com\/wp-content\/uploads\/2018\/01\/nivells_bonviure2.png\" title=\"Car\u00e1cter: Moderado\r\nDesniveles: 250-550m\r\nForma f\u00edsica: Activa \/ buena condici\u00f3n f\u00edsica\" alt=\"puntuacio_2\"><\/p>\r\n<\/div>\n            <div class=\"nicdark_space20\"><\/div><a href=\"https:\/\/bonviure.com\/es\/packages\/17-24-octubre-2026-azores-ballenas-volcanes-y-hortensias\/\" class=\"nicdark_border_grey grey nicdark_btn nicdark_outline medium \">M\u00e9s Info<\/a>  \n        <\/div>\n\n    <\/div>\n<\/div>\n<!--end prev-->\n\n<\/div>[\/vc_column][\/vc_row][vc_row][vc_column][vc_empty_space][\/vc_column][\/vc_row][vc_row full_width=\u00bbstretch_row_content_no_spaces\u00bb css=\u00bb.vc_custom_1507716447366{margin-top: 0px !important;padding-top: 0px !important;background-color: #e5e5e5 !important;}\u00bb el_class=\u00bb.todos_destinos\u00bb][vc_column width=\u00bb1\/6&#8243;][vc_single_image image=\u00bb9170&#8243; img_size=\u00bb130&#215;130&#8243; alignment=\u00bbcenter\u00bb style=\u00bbvc_box_rounded\u00bb onclick=\u00bbcustom_link\u00bb css_animation=\u00bbfadeInDown\u00bb link=\u00bbhttps:\/\/bonviure.com\/es\/destinaciones\/todas-las-fechas\/verano\/\u00bb][vc_column_text css=\u00bb.vc_custom_1541585519849{padding-top: 10px !important;padding-right: 20px !important;padding-bottom: 20px !important;padding-left: 20px !important;}\u00bb]<a href=\"https:\/\/bonviure.com\/es\/destinaciones\/todas-las-fechas\/verano\/\">Verano<\/a>[\/vc_column_text][\/vc_column][vc_column width=\u00bb1\/6&#8243;][vc_single_image image=\u00bb9206&#8243; img_size=\u00bb130&#215;130&#8243; alignment=\u00bbcenter\u00bb style=\u00bbvc_box_rounded\u00bb onclick=\u00bbcustom_link\u00bb css_animation=\u00bbfadeInDown\u00bb link=\u00bbhttps:\/\/bonviure.com\/es\/destinaciones\/todas-las-fechas\/semana-santa\/\u00bb][vc_column_text css=\u00bb.vc_custom_1541585219985{border-bottom-width: 1px !important;border-left-width: 1px !important;padding-top: 10px !important;padding-right: 20px !important;padding-bottom: 20px !important;padding-left: 20px !important;border-left-color: #ededed !important;border-bottom-color: #ededed !important;}\u00bb]<a href=\"https:\/\/bonviure.com\/es\/destinaciones\/todas-las-fechas\/semana-santa\/\">Semana Santa<\/a>[\/vc_column_text][\/vc_column][vc_column width=\u00bb1\/6&#8243;][vc_single_image image=\u00bb2569&#8243; img_size=\u00bb130&#215;130&#8243; alignment=\u00bbcenter\u00bb style=\u00bbvc_box_rounded\u00bb onclick=\u00bbcustom_link\u00bb css_animation=\u00bbfadeInDown\u00bb link=\u00bbhttps:\/\/bonviure.com\/es\/destinaciones\/todas-las-fechas\/fin-de-ano\/\u00bb][vc_column_text css=\u00bb.vc_custom_1541585261011{border-bottom-width: 1px !important;border-left-width: 1px !important;padding-top: 10px !important;padding-right: 20px !important;padding-bottom: 20px !important;padding-left: 20px !important;border-left-color: #ededed !important;border-bottom-color: #ededed !important;}\u00bb]<a href=\"https:\/\/bonviure.com\/es\/destinaciones\/todas-las-fechas\/fin-de-ano\/\">Fin de A\u00f1o<\/a>[\/vc_column_text][\/vc_column][vc_column width=\u00bb1\/6&#8243;][vc_single_image image=\u00bb9208&#8243; img_size=\u00bb130&#215;130&#8243; alignment=\u00bbcenter\u00bb style=\u00bbvc_box_rounded\u00bb onclick=\u00bbcustom_link\u00bb css_animation=\u00bbfadeInDown\u00bb link=\u00bbhttps:\/\/bonviure.com\/es\/destinaciones\/todas-las-fechas\/viajes-en-otras-fechas\/\u00bb][vc_column_text css=\u00bb.vc_custom_1541585281502{border-bottom-width: 1px !important;border-left-width: 1px !important;padding-top: 10px !important;padding-right: 20px !important;padding-bottom: 20px !important;padding-left: 20px !important;border-left-color: #ededed !important;border-bottom-color: #ededed !important;}\u00bb]<a href=\"https:\/\/bonviure.com\/es\/destinaciones\/todas-las-fechas\/viajes-en-otras-fechas\/\">Viajes en otras fechas<\/a>[\/vc_column_text][\/vc_column][vc_column width=\u00bb1\/6&#8243;][vc_single_image image=\u00bb9210&#8243; img_size=\u00bb130&#215;130&#8243; alignment=\u00bbcenter\u00bb style=\u00bbvc_box_rounded\u00bb onclick=\u00bbcustom_link\u00bb css_animation=\u00bbfadeInDown\u00bb link=\u00bbhttps:\/\/bonviure.com\/es\/destinaciones\/todas-las-fechas\/puentes-y-fin-de-semana\/\u00bb][vc_column_text css=\u00bb.vc_custom_1541585304463{border-bottom-width: 1px !important;border-left-width: 1px !important;padding-top: 10px !important;padding-right: 20px !important;padding-bottom: 20px !important;padding-left: 20px !important;border-left-color: #ededed !important;border-bottom-color: #ededed !important;}\u00bb]<a href=\"https:\/\/bonviure.com\/es\/destinaciones\/todas-las-fechas\/puentes-y-fin-de-semana\/\">Puentes y Fin de Semana<\/a>[\/vc_column_text][\/vc_column][vc_column width=\u00bb1\/6&#8243;][vc_single_image image=\u00bb9141&#8243; img_size=\u00bb130&#215;130&#8243; alignment=\u00bbcenter\u00bb style=\u00bbvc_box_rounded\u00bb onclick=\u00bbcustom_link\u00bb css_animation=\u00bbfadeInDown\u00bb link=\u00bbhttps:\/\/bonviure.com\/es\/destinaciones\/todas-las-fechas\/salidas-de-un-dia\/\u00bb][vc_column_text css=\u00bb.vc_custom_1541585324568{padding-top: 10px !important;padding-right: 20px !important;padding-bottom: 20px !important;padding-left: 20px !important;}\u00bb]<a href=\"https:\/\/bonviure.com\/es\/destinaciones\/todas-las-fechas\/salidas-de-un-dia\/\">Salidas de un d\u00eda<\/a>[\/vc_column_text][\/vc_column][\/vc_row]<\/p>\n<\/div>","protected":false},"excerpt":{"rendered":"<p>[vc_row el_class=\u00bbdestinaciones\u00bb][vc_column][vc_empty_space height=\u00bb40px\u00bb][vc_empty_space height=\u00bb40px\u00bb][\/vc_column][\/vc_row][vc_row el_class=\u00bbdest_destacades\u00bb][vc_column][\/vc_column][\/vc_row][vc_row][vc_column][vc_empty_space][\/vc_column][\/vc_row][vc_row full_width=\u00bbstretch_row_content_no_spaces\u00bb css=\u00bb.vc_custom_1507716447366{margin-top: 0px !important;padding-top: 0px !important;background-color: #e5e5e5 !important;}\u00bb el_class=\u00bb.todos_destinos\u00bb][vc_column width=\u00bb1\/6&#8243;][vc_single_image image=\u00bb9170&#8243; img_size=\u00bb130&#215;130&#8243; alignment=\u00bbcenter\u00bb style=\u00bbvc_box_rounded\u00bb onclick=\u00bbcustom_link\u00bb css_animation=\u00bbfadeInDown\u00bb link=\u00bbhttps:\/\/bonviure.com\/es\/destinaciones\/todas-las-fechas\/verano\/\u00bb][vc_column_text css=\u00bb.vc_custom_1541585519849{padding-top: 10px !important;padding-right: 20px !important;padding-bottom: 20px !important;padding-left: 20px !important;}\u00bb]Verano[\/vc_column_text][\/vc_column][vc_column width=\u00bb1\/6&#8243;][vc_single_image image=\u00bb9206&#8243; img_size=\u00bb130&#215;130&#8243; alignment=\u00bbcenter\u00bb style=\u00bbvc_box_rounded\u00bb onclick=\u00bbcustom_link\u00bb css_animation=\u00bbfadeInDown\u00bb link=\u00bbhttps:\/\/bonviure.com\/es\/destinaciones\/todas-las-fechas\/semana-santa\/\u00bb][vc_column_text css=\u00bb.vc_custom_1541585219985{border-bottom-width: 1px !important;border-left-width: 1px !important;padding-top: 10px !important;padding-right: 20px !important;padding-bottom: 20px !important;padding-left: 20px !important;border-left-color: #ededed !important;border-bottom-color: #ededed &#8230;<\/p>\n<div class='heateor_sss_sharing_container heateor_sss_vertical_sharing heateor_sss_bottom_sharing' style='width:44px;left: -10px;top: 100px;-webkit-box-shadow:none;box-shadow:none;' data-heateor-sss-href='https:\/\/bonviure.com\/es\/wp-json\/wp\/v2\/pages\/7985'><div class=\"heateor_sss_sharing_ul\"><a aria-label=\"Facebook\" class=\"heateor_sss_facebook\" href=\"https:\/\/www.facebook.com\/Bonviure\/?locale=es_ES\" title=\"Facebook\" rel=\"nofollow noopener\" target=\"_blank\" style=\"font-size:32px!important;box-shadow:none;display:inline-block;vertical-align:middle\"><span class=\"heateor_sss_svg\" style=\"background-color:#0765FE;width:40px;height:40px;margin:0;display:inline-block;opacity:1;float:left;font-size:32px;box-shadow:none;display:inline-block;font-size:16px;padding:0 4px;vertical-align:middle;background-repeat:repeat;overflow:hidden;padding:0;cursor:pointer;box-sizing:content-box\"><svg style=\"display:block;\" focusable=\"false\" aria-hidden=\"true\" xmlns=\"http:\/\/www.w3.org\/2000\/svg\" width=\"100%\" height=\"100%\" viewBox=\"0 0 32 32\"><path fill=\"#fff\" d=\"M28 16c0-6.627-5.373-12-12-12S4 9.373 4 16c0 5.628 3.875 10.35 9.101 11.647v-7.98h-2.474V16H13.1v-1.58c0-4.085 1.849-5.978 5.859-5.978.76 0 2.072.15 2.608.298v3.325c-.283-.03-.775-.045-1.386-.045-1.967 0-2.728.745-2.728 2.683V16h3.92l-.673 3.667h-3.247v8.245C23.395 27.195 28 22.135 28 16Z\"><\/path><\/svg><\/span><\/a><a aria-label=\"Instagram\" class=\"heateor_sss_button_instagram\" href=\"https:\/\/www.instagram.com\/bonviuretrek\" title=\"Instagram\" rel=\"nofollow noopener\" target=\"_blank\" style=\"font-size:32px!important;box-shadow:none;display:inline-block;vertical-align:middle\"><span class=\"heateor_sss_svg\" style=\"background-color:#53beee;width:40px;height:40px;margin:0;display:inline-block;opacity:1;float:left;font-size:32px;box-shadow:none;display:inline-block;font-size:16px;padding:0 4px;vertical-align:middle;background-repeat:repeat;overflow:hidden;padding:0;cursor:pointer;box-sizing:content-box\"><svg style=\"display:block;\" version=\"1.1\" viewBox=\"-10 -10 148 148\" width=\"100%\" height=\"100%\" xml:space=\"preserve\" xmlns=\"http:\/\/www.w3.org\/2000\/svg\" xmlns:xlink=\"http:\/\/www.w3.org\/1999\/xlink\"><g><g><path d=\"M86,112H42c-14.336,0-26-11.663-26-26V42c0-14.337,11.664-26,26-26h44c14.337,0,26,11.663,26,26v44 C112,100.337,100.337,112,86,112z M42,24c-9.925,0-18,8.074-18,18v44c0,9.925,8.075,18,18,18h44c9.926,0,18-8.075,18-18V42 c0-9.926-8.074-18-18-18H42z\" fill=\"#fff\"><\/path><\/g><g><path d=\"M64,88c-13.234,0-24-10.767-24-24c0-13.234,10.766-24,24-24s24,10.766,24,24C88,77.233,77.234,88,64,88z M64,48c-8.822,0-16,7.178-16,16s7.178,16,16,16c8.822,0,16-7.178,16-16S72.822,48,64,48z\" fill=\"#fff\"><\/path><\/g><g><circle cx=\"89.5\" cy=\"38.5\" fill=\"#fff\" r=\"5.5\"><\/circle><\/g><\/g><\/svg><\/span><\/a><a class=\"heateor_sss_more\" aria-label=\"More\" title=\"More\" rel=\"nofollow noopener\" style=\"font-size: 32px!important;border:0;box-shadow:none;display:inline-block!important;font-size:16px;padding:0 4px;vertical-align: middle;display:inline;\" href=\"https:\/\/bonviure.com\/es\/wp-json\/wp\/v2\/pages\/7985\" onclick=\"event.preventDefault()\"><span class=\"heateor_sss_svg\" style=\"background-color:#ee8e2d;width:40px;height:40px;margin:0;display:inline-block!important;opacity:1;float:left;font-size:32px!important;box-shadow:none;display:inline-block;font-size:16px;padding:0 4px;vertical-align:middle;display:inline;background-repeat:repeat;overflow:hidden;padding:0;cursor:pointer;box-sizing:content-box;\" onclick=\"heateorSssMoreSharingPopup(this, 'https:\/\/bonviure.com\/es\/wp-json\/wp\/v2\/pages\/7985', 'Bonviure%20-%20Senderisme', '' )\"><svg xmlns=\"http:\/\/www.w3.org\/2000\/svg\" xmlns:xlink=\"http:\/\/www.w3.org\/1999\/xlink\" viewBox=\"-.3 0 32 32\" version=\"1.1\" width=\"100%\" height=\"100%\" style=\"display:block;\" xml:space=\"preserve\"><g><path fill=\"#fff\" d=\"M18 14V8h-4v6H8v4h6v6h4v-6h6v-4h-6z\" fill-rule=\"evenodd\"><\/path><\/g><\/svg><\/span><\/a><\/div><div class=\"heateorSssClear\"><\/div><\/div>","protected":false},"author":7,"featured_media":0,"parent":10239,"menu_order":4,"comment_status":"closed","ping_status":"closed","template":"","meta":{"_acf_changed":false,"footnotes":""},"class_list":["post-7985","page","type-page","status-publish","hentry"],"acf":[],"publishpress_future_action":{"enabled":false,"date":"2026-05-06 14:48:32","action":"change-status","newStatus":"draft","terms":[],"taxonomy":"translation_priority","extraData":[]},"publishpress_future_workflow_manual_trigger":{"enabledWorkflows":[]},"_links":{"self":[{"href":"https:\/\/bonviure.com\/es\/wp-json\/wp\/v2\/pages\/7985","targetHints":{"allow":["GET"]}}],"collection":[{"href":"https:\/\/bonviure.com\/es\/wp-json\/wp\/v2\/pages"}],"about":[{"href":"https:\/\/bonviure.com\/es\/wp-json\/wp\/v2\/types\/page"}],"author":[{"embeddable":true,"href":"https:\/\/bonviure.com\/es\/wp-json\/wp\/v2\/users\/7"}],"replies":[{"embeddable":true,"href":"https:\/\/bonviure.com\/es\/wp-json\/wp\/v2\/comments?post=7985"}],"version-history":[{"count":0,"href":"https:\/\/bonviure.com\/es\/wp-json\/wp\/v2\/pages\/7985\/revisions"}],"up":[{"embeddable":true,"href":"https:\/\/bonviure.com\/es\/wp-json\/wp\/v2\/pages\/10239"}],"wp:attachment":[{"href":"https:\/\/bonviure.com\/es\/wp-json\/wp\/v2\/media?parent=7985"}],"curies":[{"name":"wp","href":"https:\/\/api.w.org\/{rel}","templated":true}]}}